{"id":22037,"date":"2018-01-26T10:04:23","date_gmt":"2018-01-26T12:04:23","guid":{"rendered":"https:\/\/www.tjes.jus.br\/corregedoria\/?page_id=22037"},"modified":"2025-11-25T13:52:54","modified_gmt":"2025-11-25T16:52:54","slug":"resolucoes-tjes-2018","status":"publish","type":"page","link":"https:\/\/www.tjes.jus.br\/corregedoria\/legislacao\/resolucoes-tjes\/resolucoes-tjes-2018\/","title":{"rendered":"Resolu\u00e7\u00f5es TJES \u2013 2018"},"content":{"rendered":"<p style=\"text-align: justify;\"><a href=\"https:\/\/www.tjes.jus.br\/corregedoria\/2018\/10\/22\/resolucao-no-032-2018-disp-22-10-2018\/\" target=\"_blank\" rel=\"noopener\">032 -Regulamenta a nomea\u00e7\u00e3o de advogados para atuarem como dativos em processos do Poder Judici\u00e1rio do Estado do Esp\u00edrito Santo. &#8211; disp. 22\/10\/2018<\/a><\/p>\n<p style=\"text-align: justify;\"><a href=\"https:\/\/www.tjes.jus.br\/corregedoria\/2018\/10\/18\/resolucao-no-031-2018-disp-18-10-2018\/\">031 -Disp\u00f5e sobre a altera\u00e7\u00e3o da Resolu\u00e7\u00e3o n\u00ba 21\/2017 que regulamenta o controle do fluxo de pessoas, objetos e volumes, bem como o porte de armas nas depend\u00eancias do Poder Judici\u00e1rio do Estado do Esp\u00edrito Santo &#8211; disp. 18\/10\/2018<\/a><\/p>\n<p style=\"text-align: justify;\"><a href=\"https:\/\/www.tjes.jus.br\/corregedoria\/2018\/09\/13\/resolucao-no-30-2018-disp-13-09-2018\/\">030 &#8211; Decreta luto oficial no Poder Judici\u00e1rio do Estado do Esp\u00edrito Santo, por 03 (tr\u00eas) dias consecutivos, em raz\u00e3o do falecimento do Excelent\u00edssimo Senhor Desembargador (aposentado) JOS\u00c9 EDUARDO GRANDI RIBEIRO.\u00a0&#8211; disp. 13\/09\/2018<\/a><\/p>\n<p style=\"text-align: justify;\"><a href=\"https:\/\/www.tjes.jus.br\/corregedoria\/2018\/08\/29\/resolucao-tjes-no-29-2018-disp-29-08-2018\/\">029 &#8211; <span lang=\"pt-BR\">Regulamenta o procedimento de consigna\u00e7\u00e3o em folha de pagamento no \u00e2mbito do Poder Judici\u00e1rio do Estado do Esp\u00edrito Santo.<\/span>\u00a0&#8211; disp. 29\/08\/2018<\/a><\/p>\n<p style=\"text-align: justify;\"><a href=\"https:\/\/www.tjes.jus.br\/corregedoria\/2018\/07\/19\/resolucao-no-028-2018-disp-16-07-2018\/\" target=\"_blank\" rel=\"noopener\">028 &#8211; Altera o par\u00e1grafo \u00fanico, do art. 2<sup>o<\/sup>, da Resolu\u00e7\u00e3o n\u00b0 032, de 1\u00ba\u00a0<span lang=\"pt-BR\">de dezembro de 2017 &#8211; disp. 16\/07\/2018<\/span><\/a><\/p>\n<p style=\"text-align: justify;\"><a href=\"https:\/\/www.tjes.jus.br\/corregedoria\/2018\/07\/05\/resolucao-no-028-2018-disp-05-07-2018\/\">027 &#8211; <span lang=\"pt-BR\">Regulamenta o reajuste no valor do aux\u00edlio-sa\u00fade concedido aos Magistrados e Servidores do Poder Judici\u00e1rio do Estado do Esp\u00edrito Santo.<\/span>\u00a0&#8211; disp. 05\/07\/2018<\/a>\u00a0&#8211;\u00a0<span style=\"color: #ff0000;\"><strong>REPUBLICA\u00c7\u00c3O<\/strong><\/span><\/p>\n<p style=\"text-align: justify;\"><a href=\"https:\/\/www.tjes.jus.br\/corregedoria\/2018\/07\/03\/resolucao-no-027-2018-disp-03-07-2018\/\">027 &#8211; <span lang=\"pt-BR\">Regulamenta o reajuste no valor do aux\u00edlio-sa\u00fade concedido aos Magistrados e Servidores do Poder Judici\u00e1rio do Estado do Esp\u00edrito Santo.<\/span>\u00a0&#8211; disp. 03\/07\/2018<\/a>\u00a0&#8211;\u00a0<span style=\"color: #ff0000;\"><strong>REPUBLICADO<\/strong><\/span><\/p>\n<p style=\"text-align: justify;\"><a href=\"https:\/\/www.tjes.jus.br\/corregedoria\/2018\/07\/03\/resolucao-no-026-2018-disp-03-07-2018\/\">026 &#8211; Regulamenta no \u00e2mbito do Poder Judici\u00e1rio do Estado do Esp\u00edrito Santo a concess\u00e3o de jornada especial de trabalho a servidor que tenha c\u00f4njuge, filho ou dependente com defici\u00eancia e d\u00e1 outras provid\u00eancias.\u00a0&#8211; disp. 03\/07\/2018<\/a> &#8211;<span style=\"color: #ff0000;\"><strong> REVOGADO<\/strong><\/span><\/p>\n<p style=\"text-align: justify;\"><a href=\"https:\/\/www.tjes.jus.br\/corregedoria\/2018\/07\/03\/resolucao-no-25-2018-disp-03-07-2018\/\">025 &#8211;\u00a0Revoga a Resolu\u00e7\u00e3o n\u00ba 73\/2015, disponibilizada em 22 de dezembro de 2015, que suspendeu o pagamento da gratifica\u00e7\u00e3o do plant\u00e3o at\u00e9 que houvesse adequa\u00e7\u00e3o ao limite prudencial estabelecido pela Lei de Responsabilidade Fiscal, saldo or\u00e7ament\u00e1rio suficiente e n\u00e3o implicasse novo comprometimento do limite de despesa com pessoal. &#8211; disp. 03\/07\/2018<\/a><\/p>\n<p style=\"text-align: justify;\"><a href=\"https:\/\/www.tjes.jus.br\/corregedoria\/2018\/06\/29\/24380\/\">024 &#8211;\u00a0Altera o inciso VIII do artigo 4\u00ba da Resolu\u00e7\u00e3o TJES n.\u00ba 36\/2010, que trata das atribui\u00e7\u00f5es da Ouvidoria Judici\u00e1ria. &#8211; disp. 28\/06\/2018<\/a><\/p>\n<p style=\"text-align: justify;\"><a href=\"https:\/\/www.tjes.jus.br\/corregedoria\/2018\/06\/29\/resolucao-no-23-2018-disp-28-06-2018\/\">023 &#8211; Regulamenta o procedimento de consigna\u00e7\u00e3o em folha de pagamento no \u00e2mbito do Poder Judici\u00e1rio do Estado do Esp\u00edrito Santo.\u00a0&#8211; disp. 28\/06\/2018<\/a><\/p>\n<p style=\"text-align: justify;\"><a href=\"https:\/\/www.tjes.jus.br\/corregedoria\/2018\/06\/29\/resolucao-022-2018-disp-28-06-2018-republicacao\/\">022 &#8211;\u00a0Disciplina a substitui\u00e7\u00e3o dos magistrados quando declaram a suspei\u00e7\u00e3o ou impedimento ou na aus\u00eancia por qualquer motivo. &#8211; disp. 28\/06\/2018<\/a> &#8211;\u00a0<span style=\"color: #ff0000;\"><strong>REPUBLICA\u00c7\u00c3O &#8211; ALTERADO &#8211; REVOGADA<\/strong><\/span><\/p>\n<p style=\"text-align: justify;\"><a href=\"https:\/\/www.tjes.jus.br\/corregedoria\/2018\/06\/12\/resolucao-no-22-2018-disp-12-06-2018\/\">022 &#8211; Disciplina a substitui\u00e7\u00e3o dos magistrados quando declaram a suspei\u00e7\u00e3o ou impedimento ou na aus\u00eancia por qualquer motivo.\u00a0&#8211; disp. 12\/06\/2018<\/a>&#8211;\u00a0<span style=\"color: #ff0000;\"><strong>REPUBLICADO\u00a0<\/strong><\/span><\/p>\n<p style=\"text-align: justify;\"><a href=\"https:\/\/www.tjes.jus.br\/corregedoria\/2018\/06\/12\/resolucao-no-21-2018-disp-29-05-2018\/\">021 &#8211; Altera a Resolu\u00e7\u00e3o 036, de 12 de Agosto de 2015, que instituiu e regulamentou o Programa de Servi\u00e7o Volunt\u00e1rio no \u00e2mbito do Poder Judici\u00e1rio do Estado do Esp\u00edrito Santo.\u00a0&#8211; disp.\u00a029\/05\/2018<\/a>\u00a0&#8211; <span style=\"color: #ff0000;\"><strong>ALTERADO<\/strong><\/span><\/p>\n<p style=\"text-align: justify;\"><a href=\"https:\/\/www.tjes.jus.br\/corregedoria\/2018\/06\/29\/resolucao-no-20-2018-disp-28-06-2018-republicacao\/\">020 &#8211; Altera a reda\u00e7\u00e3o dos artigos 61, 69 e 111, da Resolu\u00e7\u00e3o 075, de 13 de dezembro de 2011, que disp\u00f5e sobre as atribui\u00e7\u00f5es das unidades administrativas do Tribunal de Justi\u00e7a do Estado do Esp\u00edrito Santo.\u00a0&#8211; disp. 28\/06\/2018<\/a>&#8211;\u00a0<span style=\"color: #ff0000;\"><strong>REPUBLICA\u00c7\u00c3O<\/strong><\/span><\/p>\n<p style=\"text-align: justify;\"><a href=\"https:\/\/www.tjes.jus.br\/corregedoria\/2018\/05\/21\/24084\/\">020 &#8211; <span lang=\"pt-BR\">Altera a reda\u00e7\u00e3o dos artigos 60, 69 e 111, da Resolu\u00e7\u00e3o 075, de 13 de dezembro de 2011, que disp\u00f5e sobre as atribui\u00e7\u00f5es das unidades administrativas do Tribunal de Justi\u00e7a do Estado do Esp\u00edrito Santo.<\/span>\u00a0&#8211; disp. 21\/02\/2018<\/a>&#8211;\u00a0<span style=\"color: #ff0000;\"><strong>REPUBLICADO<\/strong><\/span><\/p>\n<p style=\"text-align: justify;\"><a href=\"https:\/\/www.tjes.jus.br\/corregedoria\/2018\/05\/21\/resolucao-no-19-2018-disp-21-05-2018\/\">019 &#8211;\u00a0Estabelece o padr\u00e3o de distribui\u00e7\u00e3o dos computadores, impressoras, scanners e leitores \u00f3pticos no \u00e2mbito do Poder Judici\u00e1rio do Estado do Esp\u00edrito Santo e d\u00e1 outras provid\u00eancias. &#8211; disp. 21\/02\/2018<\/a><\/p>\n<p style=\"text-align: justify;\"><a href=\"https:\/\/www.tjes.jus.br\/corregedoria\/2018\/05\/15\/resolucao-n-18-2018-disp-15-05-2018\/\">018 &#8211;\u00a0REVOGA o art. 5<sup>o<\/sup> da Resolu\u00e7\u00e3o n\u00b0 47\/2014 do Egr\u00e9gio Tribunal de Justi\u00e7a do Estado do Esp\u00edrito Santo, que disp\u00f5e sobre reequil\u00edbrio de trabalho e produtividade. &#8211; disp. 15\/05\/2018<\/a><\/p>\n<p style=\"text-align: justify;\"><a href=\"https:\/\/www.tjes.jus.br\/corregedoria\/2018\/05\/15\/resolucao-no-17-2018-disp-07-05-2018\/\">017 &#8211;\u00a0Altera a reda\u00e7\u00e3o do artigo 2\u00ba, paragrafo 2\u00ba, da Resolu\u00e7\u00e3o n\u00ba. 18\/2017, do Egr\u00e9gio Tribunal de Justi\u00e7a do Estado do Esp\u00edrito Santo. &#8211; disp. 07\/05\/2018<\/a><\/p>\n<p style=\"text-align: justify;\"><a href=\"https:\/\/www.tjes.jus.br\/corregedoria\/2018\/05\/04\/resolucao-no-16-2018-disp-03-05-2018\/\">016 &#8211;\u00a0Fixa as atribui\u00e7\u00f5es do Cargo de provimento efetivo de Auxiliar Judici\u00e1rio constante do Quadro Suplementar deste Poder Judici\u00e1rio do Estado do Esp\u00edrito Santo &#8211; disp. 03\/05\/2018<\/a><\/p>\n<p style=\"text-align: justify;\"><a href=\"https:\/\/www.tjes.jus.br\/corregedoria\/2018\/05\/04\/resolucao-no-15-2018-disp-03-05-2018\/\">015 &#8211;\u00a0Altera a Resolu\u00e7\u00e3o n\u00ba 005\/2015, que versa sobre concess\u00e3o de di\u00e1rias e emiss\u00e3o de passagens no \u00e2mbito do Poder Judici\u00e1rio do Estado do Esp\u00edrito Santo. &#8211;\u00a0disp. 03\/05\/2018<\/a><\/p>\n<p style=\"text-align: justify;\"><a href=\"https:\/\/www.tjes.jus.br\/corregedoria\/2018\/04\/25\/resolucao-no-14-2018-disp-24-04-2018\/\">014 &#8211;\u00a0Institui o C\u00f3digo de \u00c9tica do PJES &#8211; disp. 24\/04\/2018<\/a><\/p>\n<p style=\"text-align: justify;\"><a href=\"https:\/\/www.tjes.jus.br\/corregedoria\/2018\/04\/25\/resolucao-no-13-2018-disp-24-04-2018\/\">013 &#8211; Cessa\u00a0os efeitos da Resolu\u00e7\u00e3o n\u00ba 08\/2018 &#8211; disp. 24\/04\/2018<\/a><\/p>\n<p style=\"text-align: justify;\"><a href=\"https:\/\/www.tjes.jus.br\/corregedoria\/2018\/04\/11\/resolucao-no-12-2018-disp-10-04-2018\/\">012 &#8211; Ratifica a decis\u00e3o proferida nos autos do processo n\u00ba 2018.00.159.406, que indeferiu, por imperiosa necessidade de servi\u00e7o, os pedidos de f\u00e9rias formulados por desembargadores &#8211;\u00a0disp. 10\/04\/2018<\/a><\/p>\n<p style=\"text-align: justify;\"><a href=\"https:\/\/www.tjes.jus.br\/corregedoria\/2018\/04\/11\/resolucao-no-11-2018-disp-10-04-2018\/\">011 &#8211;\u00a0Ratifica a decis\u00e3o proferida nos autos do processo n\u00ba 2018.00.160.830, que indeferiu, por imperiosa necessidade de servi\u00e7o, o pedido de f\u00e9rias formulado por desembargador &#8211; disp. 10\/04\/2018<\/a><\/p>\n<p style=\"text-align: justify;\"><a href=\"https:\/\/www.tjes.jus.br\/corregedoria\/2018\/03\/28\/resolucao-no-10-2018-disp-28-03-2018\/\">010 &#8211;\u00a0Altera a composi\u00e7\u00e3o da Comiss\u00e3o Examinadora do Concurso P\u00fablico para Nomea\u00e7\u00e3o e Ingresso de Delegat\u00e1rios, institu\u00edda pela Resolu\u00e7\u00e3o n\u00ba 039\/2011 &#8211; disp. 28\/03\/2018<\/a><\/p>\n<p style=\"text-align: justify;\"><a href=\"https:\/\/www.tjes.jus.br\/corregedoria\/2018\/03\/23\/resolucao-no-09-2018-disp-23-03-2018\/\">009 &#8211; Atualiza\u00a0a disciplina de concess\u00e3o de f\u00e9rias regulares dos Magistrados, dispondo sobre prazos, princ\u00edpios e crit\u00e9rios para a elabora\u00e7\u00e3o da escala anual e sua altera\u00e7\u00e3o &#8211; disp. 23\/03\/2018<\/a><\/p>\n<p style=\"text-align: justify;\"><a href=\"https:\/\/www.tjes.jus.br\/corregedoria\/2018\/02\/26\/resolucao-no-08-2018-disp-26-02-2018\/\">008 &#8211;\u00a0Designa o Exm\u00ba Sr. Desembargador JORGE DO NASCIMENTO VIANA, como Presidente do Conselho Gestor do Fundo de Apoio ao Registro Civil das Pessoas Naturais do Estado do Esp\u00edrito Santo \u2013 FARPEN &#8211; disp. 26\/02\/2018<\/a>\u00a0&#8211; <span style=\"color: #ff0000;\"><strong>EFEITOS CESSADOS<\/strong><\/span><\/p>\n<p><a href=\"https:\/\/www.tjes.jus.br\/corregedoria\/2018\/04\/25\/resolucao-no-07-2018-disp-24-04-2018\/\">007 <strong>(CONSELHO)<\/strong> &#8211;\u00a0Autorizar a realiza\u00e7\u00e3o de sess\u00e3o extraordin\u00e1ria do Tribunal do J\u00fari da Comarca de Vargem Alta, no m\u00eas de abril de 2018 &#8211; disp. 24\/04\/2018<\/a><\/p>\n<p style=\"text-align: justify;\"><a href=\"https:\/\/www.tjes.jus.br\/corregedoria\/2018\/02\/26\/resolucao-no-07-2018-disp-26-02-2018\/\">007 &#8211;\u00a0Constitui a Comiss\u00e3o Gestora do N\u00facleo de Gerenciamento de Precedentes \u2013 NUGEP &#8211; disp. 26\/02\/2018 <\/a>&#8211; <strong><span style=\"color: #ff0000;\">REVOGADA<\/span><\/strong><\/p>\n<p style=\"text-align: justify;\"><a href=\"https:\/\/www.tjes.jus.br\/corregedoria\/2018\/03\/21\/resolucao-no-06-2018-conselho-disp-21-03-2018\/\">006 <strong>(CONSELHO)<\/strong> &#8211;\u00a0Autorizar a realiza\u00e7\u00e3o de sess\u00f5es do Tribunal do J\u00fari da Comarca de Cariacica, nos meses de abril e maio de 2018 &#8211; disp. 21\/03\/2018<\/a><\/p>\n<p style=\"text-align: justify;\"><a href=\"https:\/\/www.tjes.jus.br\/corregedoria\/2018\/02\/05\/resolucao-no-062018-disp-05022018\/\">006 &#8211;\u00a0Estabelecer a Pol\u00edtica de Seguran\u00e7a da Informa\u00e7\u00e3o no \u00e2mbito do PJES &#8211;\u00a0disp. 05\/02\/2018<\/a><\/p>\n<p><a href=\"https:\/\/www.tjes.jus.br\/corregedoria\/2018\/02\/22\/resolucao-no-05-2018-conselho-disp-22-02-2018\/\">005 <strong>(CONSELHO)<\/strong> &#8211;\u00a0Convoca suplente para compor a 1\u00aa Turma Recursal da Regi\u00e3o Sul &#8211; disp. 22\/02\/2018<\/a><\/p>\n<p style=\"text-align: justify;\"><a href=\"https:\/\/www.tjes.jus.br\/corregedoria\/2018\/02\/05\/resolucao-no-052018-disp-05022018\/\">005 &#8211;\u00a0Regulamenta a nomea\u00e7\u00e3o de advogados para atuarem como dativos em processos do PJES &#8211; disp. 05\/02\/2018<\/a><\/p>\n<p style=\"text-align: justify;\"><a href=\"https:\/\/www.tjes.jus.br\/corregedoria\/2018\/02\/22\/resolucao-no-04-2018-conselho-disp-22-02-2018\/\">004 <strong>(CONSELHO)<\/strong> &#8211;\u00a0Convoca suplente para compor a 1\u00aa Turma do Colegiado Recursal da Capital &#8211; disp. 22\/02\/2018<\/a><\/p>\n<p style=\"text-align: justify;\"><a href=\"https:\/\/www.tjes.jus.br\/corregedoria\/2018\/02\/05\/resolucao-no-042018-disp-05022018\/\">004 &#8211;\u00a0Referenda a Resolu\u00e7\u00e3o n\u00ba 001\/2018, disponibilizada no Di\u00e1rio de Justi\u00e7a no dia 31\/01\/2018 &#8211; disp. em 26\/01\/2019<\/a><\/p>\n<p style=\"text-align: justify;\"><a href=\"https:\/\/www.tjes.jus.br\/corregedoria\/2018\/01\/31\/resolucao-no-0032018-conselho-disp-31012018\/\">003 <strong>(CONSELHO)<\/strong> &#8211;\u00a0Autoriza a realiza\u00e7\u00e3o de sess\u00f5es extraordin\u00e1rias do Tribunal do J\u00fari da Comarca de Montanha, no m\u00eas de fevereiro do ano de 2018 &#8211; disp. 31\/01\/2018<\/a><\/p>\n<p style=\"text-align: justify;\"><a href=\"https:\/\/www.tjes.jus.br\/corregedoria\/2018\/01\/26\/resolucao-no-032018-disp-26012018\/\">003 &#8211;\u00a0Referenda o Ato Especial n\u00ba 799\/2017 que designou os Exm\u00bas. Srs. Ju\u00edzes de Direito Dr. Adriano Corr\u00eaa de Mello, Dr\u00aa Ednalva da Penha Binda, Dr\u00aa Patricia Faroni e Dr. Rodrigo Ferreira Miranda para atuarem na Corregedoria-Geral da Justi\u00e7a, como Ju\u00edzes Corregedores, a partir de 14\/12\/2017 &#8211; disp. em 26\/01\/2019<\/a><\/p>\n<p style=\"text-align: justify;\"><a href=\"https:\/\/www.tjes.jus.br\/corregedoria\/2018\/01\/31\/resolucao-no-0022018-conselho-disp-31012018\/\">002 <strong>(CONSELHO)<\/strong> &#8211; Autoriza a realiza\u00e7\u00e3o de sess\u00f5es extraordin\u00e1rias do Tribunal do J\u00fari da Comarca de Rio Novo do Sul, nos meses de janeiro, fevereiro, abril, maio, julho, agosto, outubro e novembro, do ano de 2018 &#8211; disp. 31\/01\/2018<\/a><\/p>\n<p style=\"text-align: justify;\"><a href=\"https:\/\/www.tjes.jus.br\/corregedoria\/2018\/01\/26\/resolucao-no-022018-disp-26012018\/\">002 &#8211;\u00a0Referenda o Ato Especial n\u00ba 798\/2017 que designou os Exm\u00bas. Srs. Ju\u00edzes de Direito Dr\u00aa Ana Cl\u00e1udia Rodrigues de Faria e Dr. Leonardo Alvarenga da Fonseca para exercerem a fun\u00e7\u00e3o de Ju\u00edzes Coordenadores da Supervis\u00e3o dos Juizados Especiais C\u00edveis, Criminais e da Fazenda P\u00fablica do Estado do Esp\u00edrito Santo, a partir de 13\/12\/2017 &#8211; disp. em 26\/01\/2019<\/a><\/p>\n<p style=\"text-align: justify;\"><a href=\"https:\/\/www.tjes.jus.br\/corregedoria\/2018\/01\/31\/resolucao-no-012018-conselho-disp-31012018\/\">001 <strong>(CONSELHO)<\/strong> &#8211;\u00a0Aprova, ad referendum do Egr\u00e9gio Tribunal Pleno, a modifica\u00e7\u00e3o do hor\u00e1rio das sess\u00f5es do Conselho Superior da Magistratura, das C\u00e2maras Criminais Reunidas, do 1\u00ba Grupo de C\u00e2maras C\u00edveis Reunidas e do 2\u00ba Grupo de C\u00e2maras C\u00edveis Reunidas &#8211; disp. 31\/01\/2018<\/a><\/p>\n<p style=\"text-align: justify;\"><a href=\"https:\/\/www.tjes.jus.br\/corregedoria\/2018\/01\/26\/resolucao-no-012018-disp-26012018\/\">001 &#8211; Referenda o Ato Especial n\u00ba 797\/2017, que designou a Exm\u00aa Sr\u00aa Ju\u00edza de Direito Dr\u00aa Patricia Pereira Neves para exercer a fun\u00e7\u00e3o de Ju\u00edza Coordenadora da Inf\u00e2ncia e Juventude, a partir de 13\/12\/2017 &#8211; disp. em 26\/01\/2019<\/a><\/p>\n","protected":false},"excerpt":{"rendered":"<p>032 -Regulamenta a nomea\u00e7\u00e3o de advogados para atuarem como dativos em processos do Poder Judici\u00e1rio do Estado do Esp\u00edrito Santo. &#8211; disp. 22\/10\/2018 031 -Disp\u00f5e sobre a altera\u00e7\u00e3o da Resolu\u00e7\u00e3o n\u00ba 21\/2017 que regulamenta o controle do fluxo de pessoas, objetos e volumes, bem como o porte de armas nas depend\u00eancias do Poder Judici\u00e1rio do [&hellip;]<\/p>\n","protected":false},"author":3,"featured_media":0,"parent":4580,"menu_order":0,"comment_status":"closed","ping_status":"closed","template":"","meta":{"footnotes":""},"_links":{"self":[{"href":"https:\/\/www.tjes.jus.br\/corregedoria\/wp-json\/wp\/v2\/pages\/22037"}],"collection":[{"href":"https:\/\/www.tjes.jus.br\/corregedoria\/wp-json\/wp\/v2\/pages"}],"about":[{"href":"https:\/\/www.tjes.jus.br\/corregedoria\/wp-json\/wp\/v2\/types\/page"}],"author":[{"embeddable":true,"href":"https:\/\/www.tjes.jus.br\/corregedoria\/wp-json\/wp\/v2\/users\/3"}],"replies":[{"embeddable":true,"href":"https:\/\/www.tjes.jus.br\/corregedoria\/wp-json\/wp\/v2\/comments?post=22037"}],"version-history":[{"count":37,"href":"https:\/\/www.tjes.jus.br\/corregedoria\/wp-json\/wp\/v2\/pages\/22037\/revisions"}],"predecessor-version":[{"id":45349,"href":"https:\/\/www.tjes.jus.br\/corregedoria\/wp-json\/wp\/v2\/pages\/22037\/revisions\/45349"}],"up":[{"embeddable":true,"href":"https:\/\/www.tjes.jus.br\/corregedoria\/wp-json\/wp\/v2\/pages\/4580"}],"wp:attachment":[{"href":"https:\/\/www.tjes.jus.br\/corregedoria\/wp-json\/wp\/v2\/media?parent=22037"}],"curies":[{"name":"wp","href":"https:\/\/api.w.org\/{rel}","templated":true}]}}