{"id":31101,"date":"2021-02-09T14:42:36","date_gmt":"2021-02-09T16:42:36","guid":{"rendered":"https:\/\/www.tjes.jus.br\/corregedoria\/?page_id=31101"},"modified":"2025-12-09T13:31:10","modified_gmt":"2025-12-09T16:31:10","slug":"relacao-geral-de-vacancias","status":"publish","type":"page","link":"https:\/\/www.tjes.jus.br\/corregedoria\/relacao-geral-de-vacancias\/","title":{"rendered":"Rela\u00e7\u00e3o Geral de Vac\u00e2ncias"},"content":{"rendered":"<ul>\n<li><a href=\"https:\/\/www.tjes.jus.br\/corregedoria\/2025\/12\/09\/circular-geral-de-vacancias-cmfe-n-o-024-2025-disp-09-12-2025\/\"><strong>CIRCULAR GERAL DE VAC\u00c2NCIAS CMFE N\u00ba 024\/2025<\/strong><\/a><strong> \u2013 Disponibilizado em 09\/12\/2025 <span style=\"text-decoration: underline;\"><span style=\"color: #ff0000; text-decoration: underline;\">(EM VIGOR)<\/span><\/span><\/strong><\/li>\n<\/ul>\n<h5 style=\"padding-left: 30px;\">ANTERIORES<\/h5>\n<ul>\n<li><a href=\"https:\/\/www.tjes.jus.br\/corregedoria\/2025\/07\/31\/circular-geral-de-vacancias-cmfe-n-o-023-2025-disp-01-08-2025\/\">CIRCULAR GERAL DE VAC\u00c2NCIAS CMFE N\u00ba 023\/2025<\/a> \u2013 Disponibilizado em 01\/08\/2025<\/li>\n<li><a href=\"https:\/\/www.tjes.jus.br\/corregedoria\/2025\/01\/15\/circular-geral-de-vacancias-cmfe-n-o-022-2025-disp-15-01-2025\/\">CIRCULAR GERAL DE VAC\u00c2NCIAS CMFE N\u00ba 022\/2025<\/a> \u2013 Disponibilizado em 15\/01\/2025<\/li>\n<li><a href=\"https:\/\/www.tjes.jus.br\/corregedoria\/2024\/08\/02\/circular-geral-de-vacancias-cmfe-n-o-021-2024-disp-09-07-2024\/\">CIRCULAR GERAL DE VAC\u00c2NCIAS CMFE N\u00ba 021\/2024<\/a> \u2013 Disponibilizado em 09\/07\/2024<\/li>\n<li><a href=\"https:\/\/www.tjes.jus.br\/corregedoria\/2024\/02\/26\/circular-geral-de-vacancias-cmfe-n-o-020-2024-disp-16-01-2024\/\">CIRCULAR GERAL DE VAC\u00c2NCIAS CMFE N\u00ba 020\/2024<\/a> \u2013 Disponibilizado em 16\/01\/2024<\/li>\n<li><a href=\"https:\/\/www.tjes.jus.br\/corregedoria\/2023\/07\/17\/circular-geral-de-vacancias-cmfe-n-o-019-2023-disp-17-07-2023\/\">CIRCULAR GERAL DE VAC\u00c2NCIAS CMFE N\u00ba 019\/2023 <\/a>\u2013 Disponibilizado em 17\/07\/2023<\/li>\n<li><a href=\"https:\/\/www.tjes.jus.br\/corregedoria\/2023\/03\/29\/circular-geral-de-vacancias-cmfe-n-o-018-2023-disp-23-03-2023\/\">CIRCULAR GERAL DE VAC\u00c2NCIAS CMFE N\u00ba 018\/2023<\/a>\u00a0\u2013 Disponibilizado em 23\/03\/2023<\/li>\n<li><a href=\"https:\/\/www.tjes.jus.br\/corregedoria\/2022\/08\/31\/circular-geral-de-vacancias-cmfe-n-o-017-2022-disp-19-08-2022\/\">CIRCULAR GERAL DE VAC\u00c2NCIAS CMFE N\u00ba 017\/2022<\/a>\u00a0\u2013 Disponibilizado em 19\/08\/2022<\/li>\n<li><a href=\"https:\/\/www.tjes.jus.br\/corregedoria\/2022\/01\/28\/circular-geral-de-vacancias-cmfe-n-o-016-2022-disp-28-01-2022\/\">CIRCULAR GERAL DE VAC\u00c2NCIAS CMFE N\u00ba 016\/2022<\/a> \u2013 Disponibilizado em 28\/01\/2022<\/li>\n<li><a href=\"https:\/\/www.tjes.jus.br\/corregedoria\/2021\/08\/02\/circular-geral-de-vacancias-cmfe-n-o-015-2021-disp-02-08-2021\/\">CIRCULAR GERAL DE VAC\u00c2NCIAS CMFE N\u00ba 015\/2021<\/a>\u00a0\u2013 Disponibilizado em 02\/08\/2021<\/li>\n<li><a href=\"https:\/\/www.tjes.jus.br\/corregedoria\/2021\/07\/26\/circular-geral-de-vacancias-cmfe-n-o-015-2021-disp-26-07-2021\/\">CIRCULAR GERAL DE VAC\u00c2NCIAS CMFE N\u00ba 015\/2021<\/a>\u00a0\u2013 Disponibilizado em 26\/07\/2021 &#8211;\u00a0<strong><span style=\"color: #ff0000;\">REVOGADO<\/span><\/strong><\/li>\n<li><a href=\"https:\/\/www.tjes.jus.br\/corregedoria\/2021\/03\/17\/circular-geral-de-vacancias-cmfe-n-o-014-2021-disp-17-03-2021\/\">CIRCULAR GERAL DE VAC\u00c2NCIAS CMFE N\u00ba 014\/2020<\/a>\u00a0\u2013 Disponibilizado em 17\/03\/2021<\/li>\n<li><a href=\"https:\/\/www.tjes.jus.br\/corregedoria\/2020\/12\/18\/circular-geral-de-vacancias-cmfe-no-013-2020-disp-18-12-2020\/\">CIRCULAR GERAL DE VAC\u00c2NCIAS CMFE N\u00ba 013\/2020<\/a>\u00a0\u2013 Disponibilizado em 18\/12\/2020<\/li>\n<li><a href=\"https:\/\/www.tjes.jus.br\/corregedoria\/2020\/01\/28\/circular-geral-de-vacancias-cmfe-no-012-2020-disp-28-01-2020\/\">CIRCULAR GERAL DE VAC\u00c2NCIAS CMFE N\u00ba 012\/2020<\/a>\u00a0\u2013 Disponibilizado em 28\/01\/2020<\/li>\n<li><a href=\"https:\/\/www.tjes.jus.br\/corregedoria\/2019\/07\/31\/circular-geral-de-vacancias-cmfe-no-011-2018-disp-31-07-2019\/\">CIRCULAR GERAL DE VAC\u00c2NCIAS CMFE N\u00ba 011\/2018<\/a>\u00a0\u2013 Disponibilizado em 31\/07\/2019<\/li>\n<li><a href=\"https:\/\/www.tjes.jus.br\/corregedoria\/2019\/02\/18\/circular-geral-de-vacancias-cmfe-no-010-2018-disp-18-02-2019\/\">CIRCULAR GERAL DE VAC\u00c2NCIAS CMFE N\u00ba 010\/2018<\/a>\u00a0\u2013 Disponibilizado em 18\/02\/2019<\/li>\n<li><a href=\"https:\/\/www.tjes.jus.br\/corregedoria\/2018\/01\/19\/circular-geral-de-vacancias-cmfe-no-0092017-disp-19012018\/\">CIRCULAR GERAL DE VAC\u00c2NCIAS CMFE N\u00ba 009\/2017<\/a> \u2013 Disponibilizado em 19\/01\/2018<\/li>\n<li><a href=\"https:\/\/www.tjes.jus.br\/corregedoria\/2017\/09\/02\/circular-geral-de-vacancias-cmfe-no-0082017-disp-31082017\/\">CIRCULAR GERAL DE VAC\u00c2NCIAS CMFE N\u00ba 008\/2017<\/a> \u2013 Disponibilizado em 31\/08\/2017<\/li>\n<li><a href=\"https:\/\/www.tjes.jus.br\/corregedoria\/2017\/06\/27\/circular-geral-de-vacancias-cmfe-no-0072017-disp-27062017-republicacao\/\">CIRCULAR GERAL DE VAC\u00c2NCIAS CMFE N\u00ba 007\/2017<\/a> \u2013 Disponibilizado em 27\/06\/2017 \u2013 <span style=\"color: #ff0000;\"><strong>REPUBLICA\u00c7\u00c3O<\/strong><\/span><\/li>\n<li><a href=\"https:\/\/www.tjes.jus.br\/corregedoria\/2017\/06\/27\/circular-geral-de-vacancias-cmfe-no-072017-disp-26062017\/\">CIRCULAR GERAL DE VAC\u00c2NCIAS CMFE N\u00ba 007\/2017<\/a> \u2013 Disponibilizado em 23\/06\/2017 &#8211; <span style=\"color: #ff0000;\"><strong>REPUBLICADO<\/strong><\/span><\/li>\n<li><a href=\"https:\/\/www.tjes.jus.br\/corregedoria\/2016\/12\/15\/circular-geral-das-vacancias-cmfe-n-o-0062016-disp-em-22082016-republicacao\/\">CIRCULAR GERAL DE VAC\u00c2NCIAS CMFE N\u00ba 006\/2016<\/a> \u2013 Disponibilizado em 22\/08\/2016 \u2013 <span style=\"color: #ff0000;\"><strong>REPUBLICA\u00c7\u00c3O<\/strong><\/span><\/li>\n<li><a href=\"https:\/\/www.tjes.jus.br\/corregedoria\/2016\/08\/15\/circular-geral-das-vacancias-cmfe-no-0062016-disp-15082016\/\">CIRCULAR GERAL DE VAC\u00c2NCIAS CMFE N\u00ba 006\/2016<\/a> \u2013 Disponibilizado em 15\/08\/2016 &#8211; <span style=\"color: #ff0000;\"><strong>REPUBLICADO<\/strong><\/span><\/li>\n<li><a href=\"https:\/\/www.tjes.jus.br\/corregedoria\/2016\/06\/01\/circular-geral-das-vacancias-cmfe-n-o-0052016\/\">CIRCULAR GERAL DE VAC\u00c2NCIAS CMFE N\u00ba 005\/2016<\/a> \u2013 Disponibilizado em 23\/02\/2016<\/li>\n<li><a href=\"https:\/\/www.tjes.jus.br\/corregedoria\/2018\/02\/23\/circular-geral-de-vacancias-cmfe-no-004-2015-disp-23-07-2015\/\">CIRCULAR GERAL DE VAC\u00c2NCIAS CMFE N\u00ba 004\/2015<\/a> \u2013 Disponibilizado em 23\/07\/2015<\/li>\n<li><a href=\"https:\/\/www.tjes.jus.br\/corregedoria\/2018\/02\/23\/circular-geral-das-vacancias-cmfe-no-003-2015-disp-21-01-2015\/\">CIRCULAR GERAL DE VAC\u00c2NCIAS CMFE N\u00ba 003\/2015<\/a> \u2013 Disponibilizado em 19\/01\/2015<\/li>\n<li><a href=\"https:\/\/www.tjes.jus.br\/corregedoria\/2018\/02\/22\/circular-geral-das-vacancias-cmfe-no-002-2014-disp-05-11-2014\/\">CIRCULAR GERAL DE VAC\u00c2NCIAS CMFE N\u00ba 002\/2014<\/a> \u2013 Disponibilizado em 05\/11\/2014<\/li>\n<li><a href=\"https:\/\/www.tjes.jus.br\/corregedoria\/2018\/03\/15\/circular-geral-definitiva-das-vacancias-ref-1o-semeste-de-2014-disp-03-09-2014\/\">CIRCULAR GERAL DEFINITIVA DAS VAC\u00c2NCIAS REF. 1\u00ba\/09\/2014<\/a> \u2013 Disponibilizado em 03\/09\/2014<\/li>\n<\/ul>\n","protected":false},"excerpt":{"rendered":"<p>CIRCULAR GERAL DE VAC\u00c2NCIAS CMFE N\u00ba 024\/2025 \u2013 Disponibilizado em 09\/12\/2025 (EM VIGOR) ANTERIORES CIRCULAR GERAL DE VAC\u00c2NCIAS CMFE N\u00ba 023\/2025 \u2013 Disponibilizado em 01\/08\/2025 CIRCULAR GERAL DE VAC\u00c2NCIAS CMFE N\u00ba 022\/2025 \u2013 Disponibilizado em 15\/01\/2025 CIRCULAR GERAL DE VAC\u00c2NCIAS CMFE N\u00ba 021\/2024 \u2013 Disponibilizado em 09\/07\/2024 CIRCULAR GERAL DE VAC\u00c2NCIAS CMFE N\u00ba 020\/2024 \u2013 [&hellip;]<\/p>\n","protected":false},"author":8,"featured_media":0,"parent":0,"menu_order":0,"comment_status":"closed","ping_status":"closed","template":"","meta":{"footnotes":""},"_links":{"self":[{"href":"https:\/\/www.tjes.jus.br\/corregedoria\/wp-json\/wp\/v2\/pages\/31101"}],"collection":[{"href":"https:\/\/www.tjes.jus.br\/corregedoria\/wp-json\/wp\/v2\/pages"}],"about":[{"href":"https:\/\/www.tjes.jus.br\/corregedoria\/wp-json\/wp\/v2\/types\/page"}],"author":[{"embeddable":true,"href":"https:\/\/www.tjes.jus.br\/corregedoria\/wp-json\/wp\/v2\/users\/8"}],"replies":[{"embeddable":true,"href":"https:\/\/www.tjes.jus.br\/corregedoria\/wp-json\/wp\/v2\/comments?post=31101"}],"version-history":[{"count":16,"href":"https:\/\/www.tjes.jus.br\/corregedoria\/wp-json\/wp\/v2\/pages\/31101\/revisions"}],"predecessor-version":[{"id":45496,"href":"https:\/\/www.tjes.jus.br\/corregedoria\/wp-json\/wp\/v2\/pages\/31101\/revisions\/45496"}],"wp:attachment":[{"href":"https:\/\/www.tjes.jus.br\/corregedoria\/wp-json\/wp\/v2\/media?parent=31101"}],"curies":[{"name":"wp","href":"https:\/\/api.w.org\/{rel}","templated":true}]}}