{"id":370,"date":"2016-06-01T13:44:19","date_gmt":"2016-06-01T16:44:19","guid":{"rendered":"http:\/\/10.99.253.4\/corregedoria\/?page_id=370"},"modified":"2026-01-30T13:52:44","modified_gmt":"2026-01-30T16:52:44","slug":"legislacao","status":"publish","type":"page","link":"https:\/\/www.tjes.jus.br\/corregedoria\/ceja\/legislacao\/","title":{"rendered":"Legisla\u00e7\u00e3o CEJA\/Crian\u00e7a e Adolescente"},"content":{"rendered":"<p><img loading=\"lazy\" decoding=\"async\" class=\"aligncenter wp-image-372 size-full\" src=\"https:\/\/www.tjes.jus.br\/corregedoria\/wp-content\/uploads\/2016\/06\/b_Legislacao.jpg\" alt=\"b_Legislacao\" width=\"750\" height=\"97\" srcset=\"https:\/\/www.tjes.jus.br\/corregedoria\/wp-content\/uploads\/2016\/06\/b_Legislacao.jpg 750w, https:\/\/www.tjes.jus.br\/corregedoria\/wp-content\/uploads\/2016\/06\/b_Legislacao-300x39.jpg 300w\" sizes=\"(max-width: 750px) 100vw, 750px\" \/><\/p>\n<p style=\"text-align: center;\"><a href=\"https:\/\/www.tjes.jus.br\/corregedoria\/wp-content\/uploads\/2021\/12\/Provimento-66-2021-CGJ.pdf\"><img loading=\"lazy\" decoding=\"async\" class=\"aligncenter wp-image-377 size-full\" src=\"https:\/\/www.tjes.jus.br\/corregedoria\/wp-content\/uploads\/2016\/06\/RegInterno_2.jpg\" alt=\"RegInterno_2\" width=\"60\" height=\"60\" \/><\/a><strong>Regimento Interno\u00a0CEJA\/ES<\/strong><\/p>\n<p><a href=\"http:\/\/www.planalto.gov.br\/ccivil_03\/Leis\/L8069Compilado.htm\" target=\"_blank\" rel=\"noopener\"><img loading=\"lazy\" decoding=\"async\" class=\"aligncenter wp-image-376 size-full\" src=\"https:\/\/www.tjes.jus.br\/corregedoria\/wp-content\/uploads\/2016\/06\/Eca.jpg\" alt=\"Eca\" width=\"69\" height=\"37\" \/><\/a><\/p>\n<p style=\"text-align: center;\"><strong>Estatuto da Crian\u00e7a\u00a0e do Adolescente<\/strong><\/p>\n<p style=\"text-align: justify;\"><strong>Atos Normativos CGJ\/ES:<\/strong><\/p>\n<hr \/>\n<p style=\"text-align: justify;\"><a href=\"https:\/\/www.tjes.jus.br\/corregedoria\/wp-content\/uploads\/2023\/03\/Ato-normativo-03-2023.pdf\">Ato Normativo Conjunto 003\/2023\u00a0<\/a>&#8211; Disp\u00f5e sobre os procedimentos de atendimento nos servi\u00e7os da rede de aten\u00e7\u00e3o e cuidado materno-infantil, encaminhamentos ao Poder Judici\u00e1rio e sua interven\u00e7\u00e3o quando gestantes ou genitoras manifestarem interesse em entregar espontaneamente seu filho rec\u00e9m-nascido ou aderir expressamente ao pedido de coloca\u00e7\u00e3o em fam\u00edlia substituta na modalidade de ado\u00e7\u00e3o.<\/p>\n<p style=\"text-align: justify;\"><a href=\"https:\/\/www.tjes.jus.br\/corregedoria\/wp-content\/uploads\/2019\/12\/Ato-normativo-conjunto-SNA.pdf\">N\u00ba 01\/2019 (Conjunto)<\/a> &#8211; Disp\u00f5e sobre a divulga\u00e7\u00e3o das funcionalidades do Sistema Nacional de Ado\u00e7\u00e3o \u2013 SNA aos pretendentes.<\/p>\n<p style=\"text-align: justify;\"><a href=\"https:\/\/www.tjes.jus.br\/corregedoria\/index.php\/2016\/08\/04\/ato-normativo-conjunto-no-0102016-disp-04082016\/\">N\u00ba 10\/2016 (Conjunto)<\/a> &#8211; Disp\u00f5e sobre os procedimentos de atendimento nos servi\u00e7os da rede de aten\u00e7\u00e3o e cuidado materno-infantil, encaminhamentos ao Poder Judici\u00e1rio e sua interven\u00e7\u00e3o quando gestantes ou genitoras manifestarem interesse em entregar espontaneamente seu filho rec\u00e9m-nascido ou aderir expressamente ao pedido de coloca\u00e7\u00e3o em fam\u00edlia substituta na modalidade de ado\u00e7\u00e3o. Download: <a href=\"https:\/\/www.tjes.jus.br\/corregedoria\/wp-content\/uploads\/2016\/09\/ANEXO-Ato-Normativo-Conjunto-10-2016-Termo-de-Comparecimento.odt\">Anexo I<\/a><\/p>\n<p style=\"text-align: justify;\"><a href=\"https:\/\/www.tjes.jus.br\/corregedoria\/index.php\/2016\/06\/07\/ato-normativo-conjunto-no-0142015-disp-04092015\/\">N\u00ba 14\/2015 (Conjunto)<\/a> &#8211; Disp\u00f5e sobre a atua\u00e7\u00e3o do magistrado na inspe\u00e7\u00e3o anual dos programas de acolhimento familiar e institucional de crian\u00e7as e adolescentes sob medida protetiva no Estado do Esp\u00edrito Santo. Download anexos: <a href=\"https:\/\/www.tjes.jus.br\/corregedoria\/wp-content\/uploads\/2016\/06\/ROTEIRO-PARA-INSPECAO-ANUAL-NOS-SERVICOS-DE-ACOLHIMENTO.pdf\" target=\"_blank\" rel=\"noopener\">Anexo I<\/a>, <a href=\"https:\/\/www.tjes.jus.br\/corregedoria\/wp-content\/uploads\/2016\/06\/LISTA-DE-CRIANCAS.pdf\" target=\"_blank\" rel=\"noopener\">Anexo II<\/a>.<\/p>\n<p style=\"text-align: justify;\"><a href=\"https:\/\/www.tjes.jus.br\/corregedoria\/index.php\/2016\/06\/07\/ato-normativo-conjunto-no-0132015-disp-27082015\/\" target=\"_blank\" rel=\"noopener\">N\u00ba 13\/2015 (Conjunto)<\/a>\u00a0&#8211;\u00a0Disp\u00f5e sobre os requisitos necess\u00e1rios \u00e0 elabora\u00e7\u00e3o e \u00e0 execu\u00e7\u00e3o dos projetos de apadrinhamento de crian\u00e7as e adolescentes acolhidos no Estado do Esp\u00edrito Santo.\u00a0Download anexos:\u00a0<a href=\"https:\/\/www.tjes.jus.br\/corregedoria\/wp-content\/uploads\/2016\/06\/Ato_Normativo_Conjunto_13-2015-ANEXO_I_-_FICHA_CADASTRAL.doc\">Anexo I<\/a>, <a href=\"https:\/\/www.tjes.jus.br\/corregedoria\/wp-content\/uploads\/2016\/06\/Ato_Normativo_Conjunto_13-2015-ANEXO_II_-_CERTIFICADO_DE_APADRINHAMENTO.odt\">Anexo II<\/a>, <a href=\"https:\/\/www.tjes.jus.br\/corregedoria\/wp-content\/uploads\/2016\/06\/Ato_Normativo_Conjunto_13-2015-ANEXO_III_-__Termo_Compromisso.doc\">Anexo III<\/a>,\u00a0<a href=\"https:\/\/www.tjes.jus.br\/corregedoria\/wp-content\/uploads\/2016\/06\/Ato_Normativo_Conjunto_13-2015-ANEXO_IV_-_AUTORIZA%C3%87%C3%83O_JUDICIAL.doc\">Anexo IV<\/a><\/p>\n<p style=\"text-align: justify;\"><strong><strong><br \/>\nOf\u00edcios Circulares CGJ\/ES<\/strong>:<\/strong><\/p>\n<hr \/>\n<p style=\"text-align: justify;\"><a href=\"https:\/\/www.tjes.jus.br\/corregedoria\/wp-content\/uploads\/2016\/06\/Oficio_Circular_302-2013.pdf\" target=\"_blank\" rel=\"noopener\">N\u00ba 302\/2013<\/a>\u00a0&#8211; 29 de novembro de 2013. &#8211; Ado\u00e7\u00e3o Pronta<\/p>\n<p style=\"text-align: justify;\"><a href=\"https:\/\/www.tjes.jus.br\/corregedoria\/wp-content\/uploads\/2016\/09\/Oficio_Circular_283-2013_republicacao.pdf\" target=\"_blank\" rel=\"noopener\">N\u00ba 283\/2013<\/a>\u00a0&#8211; Disp\u00f5e sobre a emiss\u00e3o de certificados de habilita\u00e7\u00e3o \u00e0 ado\u00e7\u00e3o nacional (em anexo).<\/p>\n<p style=\"text-align: justify;\"><strong><br \/>\nProvimentos CGJ\/ES:<\/strong><\/p>\n<hr \/>\n<p style=\"text-align: justify;\"><a href=\"https:\/\/www.tjes.jus.br\/corregedoria\/wp-content\/uploads\/2021\/12\/Provimento-66-2021-CGJ.pdf\">N\u00ba 66\/2021<\/a>\u00a0&#8211; Disp\u00f5e sobre o novo Regimento Interno da Comiss\u00e3o Estadual Judici\u00e1ria de Ado\u00e7\u00e3o do Esp\u00edrito Santo \u2013 CEJA-ES e d\u00e1 outras provid\u00eancias.<\/p>\n<p style=\"text-align: justify;\"><a href=\"https:\/\/www.tjes.jus.br\/corregedoria\/wp-content\/uploads\/2019\/12\/Provimento_39-2019.pdf\">N\u00ba 39\/2019<\/a>\u00a0&#8211; Disp\u00f5e sobre o Sistema Nacional de Ado\u00e7\u00e3o e Acolhimento e procedimentos relativos \u00e0 habilita\u00e7\u00e3o e \u00e0 ado\u00e7\u00e3o no Estado do Esp\u00edrito Santo.<\/p>\n<p style=\"text-align: justify;\"><a href=\"https:\/\/www.tjes.jus.br\/corregedoria\/2017\/11\/30\/provimento-no-192017-disp-30112017\/\" target=\"_blank\" rel=\"noopener\">N\u00ba 19\/2017<\/a> &#8211;\u00a0Aprova o Manual CEJA para a Busca Ativa, que institui rotinas e procedimentos a serem observados na inclus\u00e3o, acompanhamento, disponibiliza\u00e7\u00e3o e aproxima\u00e7\u00e3o de crian\u00e7as e adolescentes e seus pretendentes atrav\u00e9s da busca ativa, e d\u00e1 outras provid\u00eancias.<\/p>\n<p style=\"text-align: justify;\"><a href=\"https:\/\/www.tjes.jus.br\/corregedoria\/2017\/06\/27\/provimento-cgj-no-142017-disp-27062017\/\">N\u00ba 14\/2017<\/a> &#8211;\u00a0Altera a reda\u00e7\u00e3o do artigo 21 do Regimento Interno da Comiss\u00e3o Estadual Judici\u00e1ria de Ado\u00e7\u00e3o do Esp\u00edrito Santo CEJA\/ES para a devida uniformiza\u00e7\u00e3o de procedimentos da revalida\u00e7\u00e3o das habilita\u00e7\u00f5es para ado\u00e7\u00e3o internacional.<\/p>\n<p style=\"text-align: justify;\"><strong><strong><br \/>\nConselho Nacional de Justi\u00e7a<\/strong>:<\/strong><\/p>\n<hr \/>\n<p style=\"text-align: justify;\"><a href=\"https:\/\/www.tjes.jus.br\/corregedoria\/wp-content\/uploads\/2026\/01\/cartilha-entrega-voluntaria-adocao-v3-2026-01-08.pdf\">Cartilha Entrega Volunt\u00e1ria para Ado\u00e7\u00e3o<\/a>: Esta cartilha re\u00fane informa\u00e7\u00f5es essenciais sobre o processo de entrega volunt\u00e1ria de crian\u00e7as para ado\u00e7\u00e3o.<\/p>\n<p><a href=\"https:\/\/www.tjes.jus.br\/corregedoria\/wp-content\/uploads\/2021\/08\/Manual-SNA.pdf\">Manual SNA<\/a> &#8211; Sistema Nacional de Ado\u00e7\u00e3o e Acolhimento (SNA).<\/p>\n<p style=\"text-align: justify;\"><a href=\"https:\/\/www.tjes.jus.br\/corregedoria\/wp-content\/uploads\/2024\/11\/Codigo-Normas-CNJ.pdf\">Provimento n\u00ba 165\/2024<\/a> &#8211; Institui o C\u00f3digo de Normas Nacional da Corregedoria Nacional de Justi\u00e7a do Conselho Nacional de Justi\u00e7a \u2013 Foro Judicial (CNN\/CN\/CNJ-Jud), que regulamenta os foros judiciais.<\/p>\n<p style=\"text-align: justify;\"><a href=\"https:\/\/www.tjes.jus.br\/corregedoria\/wp-content\/uploads\/2023\/09\/Resolu\u00e7\u00e3o-CNJ-498-2023.pdf\">Resolu\u00e7\u00e3o n\u00ba498\/2023<\/a> &#8211; Disp\u00f5e sobre a atua\u00e7\u00e3o do Poder Judici\u00e1rio no \u00e2mbito da pol\u00edtica de prote\u00e7\u00e3o \u00e0s crian\u00e7as e aos adolescentes expostos(as) \u00e0 grave e iminente amea\u00e7a de morte e d\u00e1 outras provid\u00eancias.<\/p>\n<p style=\"text-align: justify;\"><a href=\"https:\/\/www.tjes.jus.br\/corregedoria\/wp-content\/uploads\/2023\/02\/res485-2023.pdf\">Resolu\u00e7\u00e3o n\u00ba485\/2023<\/a> &#8211;\u00a0Disp\u00f5e sobre o adequado atendimento de gestante ou parturiente que manifeste desejo de entregar o filho para ado\u00e7\u00e3o e a prote\u00e7\u00e3o integral da crian\u00e7a.<\/p>\n<p><a href=\"https:\/\/www.tjes.jus.br\/corregedoria\/wp-content\/uploads\/2024\/02\/Resolucao-470_2022.pdf\">Resolu\u00e7\u00e3o 470\/2022<\/a> &#8211; Institui Institui a Pol\u00edtica Judici\u00e1ria Nacional para a Primeira Inf\u00e2ncia.<\/p>\n<p><a href=\"https:\/\/www.tjes.jus.br\/corregedoria\/wp-content\/uploads\/2022\/04\/Portaria-CNJ-114-de-2022-busca-ativa.pdf\">Portaria CNJ 114\/2022<\/a> &#8211; Institui a ferramenta de busca ativa no Sistema Nacional de Ado\u00e7\u00e3o e Acolhimento (SNA), e regulamenta os projetos de est\u00edmulo \u00e0s ado\u00e7\u00f5es tardias, entre outras provid\u00eancias.<\/p>\n<p style=\"text-align: justify;\"><a href=\"https:\/\/www.tjes.jus.br\/corregedoria\/wp-content\/uploads\/2022\/04\/Oficio-Circular-CNJ-16-2021.pdf\">Of\u00edcio Circular n\u00ba 16\/2021<\/a> &#8211;\u00a0Orienta\u00e7\u00f5es Sistema Nacional de Ado\u00e7\u00e3o e Acolhimento (SNA).<\/p>\n<p style=\"text-align: justify;\"><a href=\"https:\/\/www.tjes.jus.br\/corregedoria\/wp-content\/uploads\/2021\/08\/Provimento-118-2021-revoga-32.pdf\">Provimento n\u00ba 118\/2021<\/a>\u00a0&#8211; Disp\u00f5e sobre as audi\u00eancias concentradas protetivas nas Varas com compet\u00eancia na \u00e1rea da Inf\u00e2ncia e Juventude e revoga o Provimento n\u00ba 32, de 24 de junho de 2013, da Corregedoria Nacional de Justi\u00e7a.<\/p>\n<p style=\"text-align: justify;\"><a href=\"https:\/\/www.tjes.jus.br\/corregedoria\/wp-content\/uploads\/2023\/10\/Provimento-116_2021.pdf\">Provimento n\u00ba 116\/2021<\/a>\u00a0&#8211; Altera o Provimento n\u00ba 36, de 5 de maio de 2014, para adequa\u00e7\u00e3o \u00e0s altera\u00e7\u00f5es promovidas pela legisla\u00e7\u00e3o e \u00e0s informa\u00e7\u00f5es atualizadas obtidas perante os Tribunais de Justi\u00e7a.<\/p>\n<p style=\"text-align: justify;\"><a href=\"https:\/\/www.tjes.jus.br\/corregedoria\/wp-content\/uploads\/2022\/04\/Recomenda\u00e7\u00e3o-01-2020.pdf\">Recomenda\u00e7\u00e3o n\u00ba 01\/2020<\/a>\u00a0&#8211; Disp\u00f5e sobre cuidados a crian\u00e7as e adolescentes com medida protetiva de acolhimento, no contexto de transmiss\u00e3o comunit\u00e1ria do novo Coronav\u00edrus (Covid-19), em todo o territ\u00f3rio nacional e d\u00e1 outras provid\u00eancias.<\/p>\n<p><a href=\"https:\/\/www.tjes.jus.br\/corregedoria\/wp-content\/uploads\/2019\/12\/Resolucao_289-2019.pdf\">Resolu\u00e7\u00e3o n\u00ba 289\/2019<\/a>\u00a0&#8211; Disp\u00f5e sobre a implanta\u00e7\u00e3o e\u00a0funcionamento do Sistema Nacional de\u00a0Ado\u00e7\u00e3o e Acolhimento \u2013 SNA e d\u00e1 outras\u00a0provid\u00eancias.<\/p>\n<p style=\"text-align: justify;\"><a href=\"https:\/\/www.tjes.jus.br\/corregedoria\/index.php\/2016\/07\/13\/resolucao-cnj-no-228-de-22062016\/\">Resolu\u00e7\u00e3o n\u00ba 228\/2016<\/a>\u00a0&#8211; Regulamenta a aplica\u00e7\u00e3o, no \u00e2mbito do Poder Judici\u00e1rio,da Conven\u00e7\u00e3o sobre a Elimina\u00e7\u00e3o da Exig\u00eancia de Legaliza\u00e7\u00e3o de Documentos P\u00fablicos Estrangeiros, celebrada na Haia, em 5 de outubro de 1961 (Conven\u00e7\u00e3o da Apostila).<\/p>\n<p><a href=\"https:\/\/www.tjes.jus.br\/corregedoria\/wp-content\/uploads\/2022\/02\/Provimento-36-CNJ.pdf\">Provimento n\u00ba 36\/2014<\/a>\u00a0&#8211; Disp\u00f5e sobre a estrutura e procedimentos das Varas de inf\u00e2ncia e juventude.<\/p>\n<p style=\"text-align: justify;\"><a href=\"https:\/\/www.tjes.jus.br\/corregedoria\/wp-content\/uploads\/2016\/06\/CNJ_R08.pdf\" target=\"_blank\" rel=\"noopener\">Recomenda\u00e7\u00e3o n\u00ba 08\/2012<\/a>\u00a0&#8211; Disp\u00f5e sobre a coloca\u00e7\u00e3o de crian\u00e7a e adolescente em fam\u00edlia substituta por meio de guarda.<\/p>\n<p style=\"text-align: justify;\"><a href=\"https:\/\/www.tjes.jus.br\/corregedoria\/wp-content\/uploads\/2016\/09\/Provimento-09-2010-prote\u00e7\u00e3o-e-reinser\u00e7\u00e3o-social-de-crian\u00e7as-e-adolescentes.pdf\" target=\"_blank\" rel=\"noopener\">Provimento n\u00ba 09\/2010<\/a>\u00a0&#8211; Define medidas com vistas \u00e0 efic\u00e1cia e ao bom desempenho da atividade judici\u00e1ria na implanta\u00e7\u00e3o das atividades de aten\u00e7\u00e3o, prote\u00e7\u00e3o e de reinser\u00e7\u00e3o social de crian\u00e7as e adolescentes, nos termos da Lei 8069\/90, altera o Provimento n\u00ba 4, de 26 de abril de 2010 e d\u00e1 outras provid\u00eancias.<\/p>\n<p style=\"text-align: justify;\"><a href=\"https:\/\/www.tjes.jus.br\/corregedoria\/index.php\/2016\/09\/05\/instrucao-normativa-cnj-no-22010-disp-djecnj-de-02072010\/\">Instru\u00e7\u00e3o Normativa n\u00ba 2\/2010<\/a> &#8211;\u00a0Disciplina a ado\u00e7\u00e3o de medidas destinadas \u00e0 regulariza\u00e7\u00e3o do controle de equipamentos de execu\u00e7\u00e3o da medida protetiva de acolhimento (institucional ou familiar), e de crian\u00e7as e adolescentes sob essa medida.<\/p>\n<p style=\"text-align: justify;\"><a href=\"http:\/\/www.cnj.jus.br\/busca-atos-adm?documento=210\" target=\"_blank\" rel=\"noopener\">Instru\u00e7\u00e3o n\u00ba 02\/2009<\/a>\u00a0&#8211; Disp\u00f5e sobre a necessidade de celeridade dos processos de inf\u00e2ncia e juventude.<\/p>\n<p style=\"text-align: justify;\"><strong><br \/>\nOutros:<\/strong><\/p>\n<hr \/>\n<p style=\"text-align: justify;\"><a href=\"http:\/\/www.planalto.gov.br\/ccivil_03\/decreto\/D3087.htm\" target=\"_blank\" rel=\"noopener\">Conven\u00e7\u00e3o de Haia<\/a>\u00a0&#8211; Decreto 3.087, de 21 de junho de 1999.\u00a0Promulga a Conven\u00e7\u00e3o Relativa \u00e0 Prote\u00e7\u00e3o das Crian\u00e7as e \u00e0 Coopera\u00e7\u00e3o em Mat\u00e9ria de Ado\u00e7\u00e3o Internacional, conclu\u00edda na Haia, em 29 de maio de 1993.<\/p>\n<p style=\"text-align: justify;\"><a href=\"http:\/\/www.planalto.gov.br\/ccivil_03\/Leis\/L8069Compilado.htm\" target=\"_blank\" rel=\"noopener\">Estatuto da Crian\u00e7a e do Adolescente (ECA)<\/a>\u00a0&#8211; Lei n\u00ba 8.069, de 13 de julho de\u00a01990. Atualizada at\u00e9 05\/09\/2016.\u00a0Disp\u00f5e sobre o Estatuto da Crian\u00e7a e do Adolescente e d\u00e1 outras provid\u00eancias.<\/p>\n<p style=\"text-align: justify;\"><a href=\"https:\/\/www.tjes.jus.br\/corregedoria\/wp-content\/uploads\/2016\/06\/Guia_Comentado_Novas_regras_para_a_adocao.pdf\" target=\"_blank\" rel=\"noopener\">Guia Comentado \u2013 Novas regras para a ado\u00e7\u00e3o<\/a>.<\/p>\n<p style=\"text-align: justify;\"><a href=\"https:\/\/www.tjes.jus.br\/corregedoria\/wp-content\/uploads\/2016\/09\/Orientacoes_servicos_acolhimento.pdf\">Orienta\u00e7\u00f5es T\u00e9cnicas: Servi\u00e7os de acolhimento para Crian\u00e7as e Adolescentes<\/a><\/p>\n","protected":false},"excerpt":{"rendered":"<p>Regimento Interno\u00a0CEJA\/ES Estatuto da Crian\u00e7a\u00a0e do Adolescente Atos Normativos CGJ\/ES: Ato Normativo Conjunto 003\/2023\u00a0&#8211; Disp\u00f5e sobre os procedimentos de atendimento nos servi\u00e7os da rede de aten\u00e7\u00e3o e cuidado materno-infantil, encaminhamentos ao Poder Judici\u00e1rio e sua interven\u00e7\u00e3o quando gestantes ou genitoras manifestarem interesse em entregar espontaneamente seu filho rec\u00e9m-nascido ou aderir expressamente ao pedido de coloca\u00e7\u00e3o [&hellip;]<\/p>\n","protected":false},"author":1,"featured_media":0,"parent":311,"menu_order":0,"comment_status":"closed","ping_status":"closed","template":"","meta":{"footnotes":""},"_links":{"self":[{"href":"https:\/\/www.tjes.jus.br\/corregedoria\/wp-json\/wp\/v2\/pages\/370"}],"collection":[{"href":"https:\/\/www.tjes.jus.br\/corregedoria\/wp-json\/wp\/v2\/pages"}],"about":[{"href":"https:\/\/www.tjes.jus.br\/corregedoria\/wp-json\/wp\/v2\/types\/page"}],"author":[{"embeddable":true,"href":"https:\/\/www.tjes.jus.br\/corregedoria\/wp-json\/wp\/v2\/users\/1"}],"replies":[{"embeddable":true,"href":"https:\/\/www.tjes.jus.br\/corregedoria\/wp-json\/wp\/v2\/comments?post=370"}],"version-history":[{"count":76,"href":"https:\/\/www.tjes.jus.br\/corregedoria\/wp-json\/wp\/v2\/pages\/370\/revisions"}],"predecessor-version":[{"id":46116,"href":"https:\/\/www.tjes.jus.br\/corregedoria\/wp-json\/wp\/v2\/pages\/370\/revisions\/46116"}],"up":[{"embeddable":true,"href":"https:\/\/www.tjes.jus.br\/corregedoria\/wp-json\/wp\/v2\/pages\/311"}],"wp:attachment":[{"href":"https:\/\/www.tjes.jus.br\/corregedoria\/wp-json\/wp\/v2\/media?parent=370"}],"curies":[{"name":"wp","href":"https:\/\/api.w.org\/{rel}","templated":true}]}}