{"id":705,"date":"2016-06-01T16:04:39","date_gmt":"2016-06-01T19:04:39","guid":{"rendered":"http:\/\/10.99.253.4\/corregedoria\/?page_id=705"},"modified":"2024-03-15T12:31:23","modified_gmt":"2024-03-15T15:31:23","slug":"sigaes","status":"publish","type":"page","link":"https:\/\/www.tjes.jus.br\/corregedoria\/ceja\/sigaes\/","title":{"rendered":"SNA"},"content":{"rendered":"<p align=\"justify\"><img loading=\"lazy\" decoding=\"async\" class=\"aligncenter  wp-image-39410 alignleft\" src=\"https:\/\/www.tjes.jus.br\/corregedoria\/wp-content\/uploads\/2024\/03\/Imagem-SNA.png\" alt=\"\" width=\"833\" height=\"134\" \/><\/p>\n<p align=\"justify\">\n<p align=\"justify\">\n<p align=\"justify\">\n<p align=\"justify\">\n<p align=\"justify\"><span style=\"color: #000000;\"><span style=\"font-family: Arial, serif;\"><span style=\"font-size: small;\">O Sistema Nacional de Ado\u00e7\u00e3o (SNA) foi institu\u00eddo em 2019, sob a Resolu\u00e7\u00e3o n\u00ba 289 do Conselho Nacional de Justi\u00e7a (CNJ). O SNA visa a integra\u00e7\u00e3o de informa\u00e7\u00f5es sobre crian\u00e7as em situa\u00e7\u00e3o de acolhimento e ado\u00e7\u00e3o em todo o Brasil. Antes, os dados eram registrados em sistemas separados, <\/span><\/span><\/span><span style=\"color: #000000;\"><span style=\"font-family: Arial, serif;\"><span style=\"font-size: small;\">o Cadastro Nacional de Ado\u00e7\u00e3o (CNA) e o Cadastro Nacional de Crian\u00e7as Acolhidas (CNCA), o que<\/span><\/span><\/span> <span style=\"color: #000000;\"><span style=\"font-family: Arial, serif;\"><span style=\"font-size: small;\">dificulta<\/span><\/span><\/span><span style=\"color: #000000;\"><span style=\"font-family: Arial, serif;\"><span style=\"font-size: small;\">va<\/span><\/span><\/span><span style=\"color: #000000;\"><span style=\"font-family: Arial, serif;\"><span style=\"font-size: small;\"> a gest\u00e3o e o acompanhamento hist\u00f3rico da cr<\/span><\/span><\/span><span style=\"color: #000000;\"><span style=\"font-family: Arial, serif;\"><span style=\"font-size: small;\">ian\u00e7a ou adolescente<\/span><\/span><\/span><span style=\"color: #000000;\"><span style=\"font-family: Arial, serif;\"><span style=\"font-size: small;\">. A inova\u00e7\u00e3o do SNA permite uma vis\u00e3o ampla e unificada <\/span><\/span><\/span><span style=\"color: #000000;\"><span style=\"font-family: Arial, serif;\"><span style=\"font-size: small;\">das <\/span><\/span><\/span><span style=\"color: #000000;\"><span style=\"font-family: Arial, serif;\"><span style=\"font-size: small;\">crian\u00e7as e adolescentes acolhidos e em processo de ado\u00e7\u00e3o, enfatizando a doutrina da prote\u00e7\u00e3o integral, conforme a Constitui\u00e7\u00e3o Federal e o Estatuto da Crian\u00e7a e Adolescente (ECA).<\/span><\/span><\/span><span style=\"color: #000000;\"><span style=\"font-family: Arial, serif;\"><span style=\"font-size: small;\"> O<\/span><\/span><\/span><span style=\"color: #000000;\"><span style=\"font-family: Arial, serif;\"><span style=\"font-size: small;\"> SNA implementou um sistema de alertas para ju\u00edzes e corregedorias que per<\/span><\/span><\/span><span style=\"color: #000000;\"><span style=\"font-family: Arial, serif;\"><span style=\"font-size: small;\">mite o<\/span><\/span><\/span><span style=\"color: #000000;\"><span style=\"font-family: Arial, serif;\"><span style=\"font-size: small;\"> monitoramento de prazos dos processos de <\/span><\/span><\/span><span style=\"color: #000000;\"><span style=\"font-family: Arial, serif;\"><span style=\"font-size: small;\">medida de prote\u00e7\u00e3o e <\/span><\/span><\/span><span style=\"color: #000000;\"><span style=\"font-family: Arial, serif;\"><span style=\"font-size: small;\">ado\u00e7\u00e3o, <\/span><\/span><\/span><span style=\"color: #000000;\"><span style=\"font-family: Arial, serif;\"><span style=\"font-size: small;\">oferecendo <\/span><\/span><\/span><span style=\"color: #000000;\"><span style=\"font-family: Arial, serif;\"><span style=\"font-size: small;\">visibilidade dos dados que implicam na cele<\/span><\/span><\/span><span style=\"color: #000000;\"><span style=\"font-family: Arial, serif;\"><span style=\"font-size: small;\">ridade processual, aumentam a efici\u00eancia jurisdicional e a transpar\u00eancia, visto os dados <\/span><\/span><\/span><span style=\"color: #000000;\"><span style=\"font-family: Arial, serif;\"><span style=\"font-size: small;\">dispon\u00edveis no site do CNJ. <\/span><\/span><\/span><\/p>\n<p align=\"justify\"><span style=\"color: #000000;\"><span style=\"font-family: Arial, serif;\"><span style=\"font-size: small;\">Importante destacar que o SNA<\/span><\/span><\/span><span style=\"color: #000000;\"><span style=\"font-family: Arial, serif;\"><span style=\"font-size: small;\"> tem sido desenvolvido e aprimorado ap\u00f3s a incorpora\u00e7\u00e3o pelo CNJ d<\/span><\/span><\/span><span style=\"color: #000000;\"><span style=\"font-family: Arial, serif;\"><span style=\"font-size: small;\">o Sistema Integrado de Gerenciamento de Ado\u00e7\u00e3o (SIGA) do Esp\u00edrito Santo<\/span><\/span><\/span><span style=\"color: #000000;\"><span style=\"font-family: Arial, serif;\"><span style=\"font-size: small;\"> &#8211; <\/span><\/span><\/span><span style=\"color: #000000;\"><span style=\"font-family: Arial, serif;\"><span style=\"font-size: small;\">um modelo inovador criado em 2008, dedicado a centralizar os dados de crian\u00e7as em situa\u00e7\u00e3o de acolhimento e pretendentes \u00e0 ado\u00e7\u00e3o em todo o territ\u00f3rio capixaba. O SIGA\/ES se destacou por oferecer um cadastro \u00fanico, acess\u00edvel a todos os Ju\u00edzos da Inf\u00e2ncia e Juventude do estado, abrangendo informa\u00e7\u00f5es detalhadas sobre crian\u00e7as e adolescentes em acolhimento institucional, seja em condi\u00e7\u00f5es de inser\u00e7\u00e3o em fam\u00edlia substituta ou sob guarda com fins de ado\u00e7\u00e3o, bem como dados sobre os pretendentes habilitados \u00e0 ado\u00e7\u00e3o e todas as institui\u00e7\u00f5es de acolhimento. No ano de 2014, o SIGA foi premiado por inova\u00e7\u00e3o em gest\u00e3o p\u00fablica,<\/span><\/span><\/span><span style=\"color: #000000;\"><span style=\"font-family: Arial, serif;\"><span style=\"font-size: small;\"> e ganhou o 1\u00ba lugar do Pr\u00eamio INOVES Ciclo 2014 na categoria Uso das Tecnologias da Informa\u00e7\u00e3o e Comunica\u00e7\u00e3o, que exalta a inova\u00e7\u00e3o no servi\u00e7o p\u00fablico. <\/span><\/span><\/span><a href=\"https:\/\/www.tjes.jus.br\/sigaes-fica-em-1o-lugar-no-premio-inoves-2014-3\/\"><span style=\"color: #000000;\"><span style=\"font-family: Arial, serif;\"><span style=\"font-size: small;\"><u><strong>Clique aqui<\/strong><\/u><\/span><\/span><\/span><\/a><span style=\"color: #000000;\"><span style=\"font-family: Arial, serif;\"><span style=\"font-size: small;\"> para ver na \u00edntegra a mat\u00e9ria.<\/span><\/span><\/span><\/p>\n<p align=\"left\"><span style=\"color: #000000;\"><span style=\"font-family: Arial, serif;\"><span style=\"font-size: small;\">Site do SNA\/CNJ <\/span><\/span><\/span><a href=\"https:\/\/www.cnj.jus.br\/programas-e-acoes\/adocao\/\"><strong><span style=\"color: #000000;\"><span style=\"font-family: Arial, serif;\"><span style=\"font-size: small;\"><u>Clique aqui<\/u><\/span><\/span><\/span><\/strong><\/a><\/p>\n<p align=\"left\"><span style=\"color: #000000;\"><span style=\"font-family: Arial, serif;\"><span style=\"font-size: small;\">Manual do SNA <\/span><\/span><\/span><a href=\"https:\/\/sna.cnj.jus.br\/assets\/pdf\/Guia%20de%20utiliza%C3%A7%C3%A3o%20do%20SNA%20para%20pretentendes%20%C3%A0%20ado%C3%A7%C3%A3o.pdf\"><strong><span style=\"color: #000000;\"><span style=\"font-family: Arial, serif;\"><span style=\"font-size: small;\"><u>Clique aqui<\/u><\/span><\/span><\/span><\/strong><\/a><\/p>\n<hr \/>\n<p><strong><strong><br \/>\n<span style=\"color: #000000;\">Legisla\u00e7\u00e3o:<\/span><\/strong><\/strong><\/p>\n<hr \/>\n<p style=\"text-align: justify;\" align=\"justify\"><a href=\"https:\/\/www.tjes.jus.br\/corregedoria\/wp-content\/uploads\/2019\/12\/Resolucao_289-2019.pdf\"><span style=\"color: #000000;\"><span style=\"font-family: Arial, serif;\"><span style=\"font-size: small;\"><u>Resolu\u00e7\u00e3o n\u00ba 289 do Conselho Nacional de Justi\u00e7a (CNJ)<\/u><\/span><\/span><\/span><\/a><span style=\"color: #000000;\"><span style=\"font-family: Arial, serif;\"><span style=\"font-size: small;\"> &#8211; <\/span><\/span><\/span><span style=\"color: #000000;\"><span style=\"font-family: Arial, serif;\"><span style=\"font-size: small;\">Disp\u00f5e sobre a implanta\u00e7\u00e3o e funcionamento do Sistema Nacional de Ado\u00e7\u00e3o e Acolhimento \u2013 SNA e d\u00e1 outras provid\u00eancias.<\/span><\/span><\/span><\/p>\n<p style=\"text-align: justify;\" align=\"left\"><a href=\"https:\/\/www.tjes.jus.br\/corregedoria\/wp-content\/uploads\/2019\/12\/Provimento_39-2019.pdf\"><span style=\"color: #000000;\"><span style=\"font-family: Arial, serif;\"><span style=\"font-size: small;\"><u>Provimento 39\/2019<\/u><\/span><\/span><\/span><\/a><span style=\"color: #000000;\"><span style=\"font-family: Arial, serif;\"><span style=\"font-size: small;\"> \u2013 Disp\u00f5e sobre o Sistema Nacional de Ado\u00e7\u00e3o e Acolhimento e procedimentos relativos \u00e0 habilita\u00e7\u00e3o e \u00e0 ado\u00e7\u00e3o no Estado do Esp\u00edrito Santo.<\/span><\/span><\/span><\/p>\n<hr \/>\n<p><span style=\"color: #000000;\"><strong>Ado\u00e7\u00e3o:<\/strong><\/span><\/p>\n<hr \/>\n<p align=\"left\"><span style=\"color: #000000;\"><span style=\"font-family: Arial, serif;\"><span style=\"font-size: small;\">Passo a Passo para a ado\u00e7\u00e3o <\/span><\/span><\/span><span style=\"color: #000000;\"><span style=\"font-family: Arial, serif;\"><span style=\"font-size: small;\"><u>Clique aqui<\/u><\/span><\/span><\/span><\/p>\n<p align=\"left\"><span style=\"color: #000000;\"><span style=\"font-family: Arial, serif;\"><span style=\"font-size: small;\">Pr\u00e9-cadastro de habilita\u00e7\u00e3o para ado\u00e7\u00e3o <\/span><\/span><\/span><span style=\"color: #000000;\"><span style=\"font-family: Arial, serif;\"><span style=\"font-size: small;\"><u>Clique aqui<\/u><\/span><\/span><\/span><\/p>\n<p align=\"left\"><span style=\"color: #000000;\"><span style=\"font-family: Arial, serif;\"><span style=\"font-size: small;\">Consultas para pretendentes habilitados <\/span><\/span><\/span><span style=\"color: #000000;\"><span style=\"font-family: Arial, serif;\"><span style=\"font-size: small;\"><u>Clique aqui<\/u><\/span><\/span><\/span><\/p>\n","protected":false},"excerpt":{"rendered":"<p>O Sistema Nacional de Ado\u00e7\u00e3o (SNA) foi institu\u00eddo em 2019, sob a Resolu\u00e7\u00e3o n\u00ba 289 do Conselho Nacional de Justi\u00e7a (CNJ). O SNA visa a integra\u00e7\u00e3o de informa\u00e7\u00f5es sobre crian\u00e7as em situa\u00e7\u00e3o de acolhimento e ado\u00e7\u00e3o em todo o Brasil. Antes, os dados eram registrados em sistemas separados, o Cadastro Nacional de Ado\u00e7\u00e3o (CNA) e [&hellip;]<\/p>\n","protected":false},"author":1,"featured_media":0,"parent":311,"menu_order":0,"comment_status":"closed","ping_status":"closed","template":"","meta":{"footnotes":""},"_links":{"self":[{"href":"https:\/\/www.tjes.jus.br\/corregedoria\/wp-json\/wp\/v2\/pages\/705"}],"collection":[{"href":"https:\/\/www.tjes.jus.br\/corregedoria\/wp-json\/wp\/v2\/pages"}],"about":[{"href":"https:\/\/www.tjes.jus.br\/corregedoria\/wp-json\/wp\/v2\/types\/page"}],"author":[{"embeddable":true,"href":"https:\/\/www.tjes.jus.br\/corregedoria\/wp-json\/wp\/v2\/users\/1"}],"replies":[{"embeddable":true,"href":"https:\/\/www.tjes.jus.br\/corregedoria\/wp-json\/wp\/v2\/comments?post=705"}],"version-history":[{"count":16,"href":"https:\/\/www.tjes.jus.br\/corregedoria\/wp-json\/wp\/v2\/pages\/705\/revisions"}],"predecessor-version":[{"id":39412,"href":"https:\/\/www.tjes.jus.br\/corregedoria\/wp-json\/wp\/v2\/pages\/705\/revisions\/39412"}],"up":[{"embeddable":true,"href":"https:\/\/www.tjes.jus.br\/corregedoria\/wp-json\/wp\/v2\/pages\/311"}],"wp:attachment":[{"href":"https:\/\/www.tjes.jus.br\/corregedoria\/wp-json\/wp\/v2\/media?parent=705"}],"curies":[{"name":"wp","href":"https:\/\/api.w.org\/{rel}","templated":true}]}}